{"id":3425,"date":"2020-10-01T10:04:32","date_gmt":"2020-10-01T08:04:32","guid":{"rendered":"https:\/\/oceanascommon.org\/mobilisation-decideurs\/"},"modified":"2022-02-08T12:40:26","modified_gmt":"2022-02-08T11:40:26","slug":"advocacy","status":"publish","type":"page","link":"https:\/\/oceanascommon.org\/en\/advocacy\/","title":{"rendered":"Advocacy"},"content":{"rendered":"[vc_row type=&#8221;full_width_content&#8221; full_screen_row_position=&#8221;middle&#8221; column_margin=&#8221;default&#8221; column_direction=&#8221;default&#8221; column_direction_tablet=&#8221;default&#8221; column_direction_phone=&#8221;default&#8221; bg_color=&#8221;#ffffff&#8221; bg_image=&#8221;988&#8243; bg_position=&#8221;center center&#8221; bg_repeat=&#8221;no-repeat&#8221; scene_position=&#8221;center&#8221; text_color=&#8221;light&#8221; text_align=&#8221;center&#8221; row_border_radius=&#8221;none&#8221; row_border_radius_applies=&#8221;bg&#8221; enable_gradient=&#8221;true&#8221; color_overlay_2=&#8221;#014c72&#8243; overlay_strength=&#8221;0.5&#8243; gradient_direction=&#8221;left_b_to_right_t&#8221; enable_shape_divider=&#8221;true&#8221; shape_divider_position=&#8221;bottom&#8221; bg_image_animation=&#8221;zoom-out-slow&#8221; parallax_bg=&#8221;true&#8221; parallax_bg_speed=&#8221;medium&#8221; shape_type=&#8221;curve_opacity&#8221;][vc_column column_padding=&#8221;no-extra-padding&#8221; column_padding_tablet=&#8221;inherit&#8221; column_padding_phone=&#8221;inherit&#8221; column_padding_position=&#8221;all&#8221; background_color_opacity=&#8221;1&#8243; background_hover_color_opacity=&#8221;1&#8243; column_shadow=&#8221;none&#8221; column_border_radius=&#8221;none&#8221; column_link_target=&#8221;_self&#8221; gradient_direction=&#8221;left_to_right&#8221; overlay_strength=&#8221;0.3&#8243; width=&#8221;1\/1&#8243; tablet_width_inherit=&#8221;default&#8221; tablet_text_alignment=&#8221;default&#8221; phone_text_alignment=&#8221;default&#8221; column_border_width=&#8221;none&#8221; column_border_style=&#8221;solid&#8221; bg_image_animation=&#8221;none&#8221;][vc_row_inner content_placement=&#8221;middle&#8221; column_margin=&#8221;default&#8221; column_direction=&#8221;default&#8221; column_direction_tablet=&#8221;default&#8221; column_direction_phone=&#8221;default&#8221; top_padding=&#8221;10%&#8221; bottom_padding=&#8221;10%&#8221; text_align=&#8221;center&#8221;][vc_column_inner column_padding=&#8221;no-extra-padding&#8221; column_padding_tablet=&#8221;inherit&#8221; column_padding_phone=&#8221;inherit&#8221; column_padding_position=&#8221;all&#8221; background_color_opacity=&#8221;1&#8243; background_hover_color_opacity=&#8221;1&#8243; column_shadow=&#8221;none&#8221; column_border_radius=&#8221;none&#8221; column_link_target=&#8221;_self&#8221; gradient_direction=&#8221;left_to_right&#8221; overlay_strength=&#8221;0.3&#8243; width=&#8221;1\/1&#8243; tablet_width_inherit=&#8221;default&#8221; column_border_width=&#8221;none&#8221; column_border_style=&#8221;solid&#8221; bg_image_animation=&#8221;none&#8221;][divider line_type=&#8221;No Line&#8221; custom_height=&#8221;20&#8243;][vc_column_text css_animation=&#8221;slideInUp&#8221;]\n<h1>Advocacy<\/h1>\n<h2>Political and media influence<\/h2>\n[\/vc_column_text][divider line_type=&#8221;No Line&#8221; custom_height=&#8221;30&#8243;][\/vc_column_inner][\/vc_row_inner][\/vc_column][\/vc_row][vc_row type=&#8221;in_container&#8221; full_screen_row_position=&#8221;middle&#8221; column_margin=&#8221;40px&#8221; column_direction=&#8221;default&#8221; column_direction_tablet=&#8221;default&#8221; column_direction_phone=&#8221;default&#8221; scene_position=&#8221;center&#8221; top_padding=&#8221;50px&#8221; bottom_padding=&#8221;0&#8243; text_color=&#8221;dark&#8221; text_align=&#8221;left&#8221; row_border_radius=&#8221;none&#8221; row_border_radius_applies=&#8221;bg&#8221; overlay_strength=&#8221;0.3&#8243; gradient_direction=&#8221;left_to_right&#8221; shape_divider_position=&#8221;bottom&#8221; bg_image_animation=&#8221;none&#8221; shape_type=&#8221;&#8221;][vc_column column_padding=&#8221;no-extra-padding&#8221; column_padding_tablet=&#8221;inherit&#8221; column_padding_phone=&#8221;inherit&#8221; column_padding_position=&#8221;all&#8221; background_color_opacity=&#8221;1&#8243; background_hover_color_opacity=&#8221;1&#8243; column_shadow=&#8221;none&#8221; column_border_radius=&#8221;none&#8221; column_link_target=&#8221;_self&#8221; gradient_direction=&#8221;left_to_right&#8221; overlay_strength=&#8221;0.3&#8243; width=&#8221;1\/1&#8243; tablet_width_inherit=&#8221;default&#8221; tablet_text_alignment=&#8221;default&#8221; phone_text_alignment=&#8221;default&#8221; column_border_width=&#8221;none&#8221; column_border_style=&#8221;solid&#8221; bg_image_animation=&#8221;none&#8221;][vc_column_text css=&#8221;.vc_custom_1644308142919{margin-top: 20px !important;}&#8221;]<strong>In order to accelerate the installation of a new governance of the Ocean at the international level, we promote the notion of the common good on a daily basis by taking advantage of numerous opportunities:<\/strong><\/p>\n<ul>\n<li>disseminating the Appeal for the Ocean as a Common Good during national and<\/li>\n<li>international negotiations<\/li>\n<li>publication of tribunes, media interviews<\/li>\n<li>interventions at major events<\/li>\n<li>organization of meetings, seminars and webinars<\/li>\n<\/ul>\n[\/vc_column_text][vc_row_inner disable_element=&#8221;yes&#8221; column_margin=&#8221;default&#8221; column_direction=&#8221;default&#8221; column_direction_tablet=&#8221;default&#8221; column_direction_phone=&#8221;default&#8221; text_align=&#8221;left&#8221;][vc_column_inner column_padding=&#8221;no-extra-padding&#8221; column_padding_tablet=&#8221;inherit&#8221; column_padding_phone=&#8221;inherit&#8221; column_padding_position=&#8221;all&#8221; background_color_opacity=&#8221;1&#8243; background_hover_color_opacity=&#8221;1&#8243; column_shadow=&#8221;none&#8221; column_border_radius=&#8221;none&#8221; column_link_target=&#8221;_self&#8221; gradient_direction=&#8221;left_to_right&#8221; overlay_strength=&#8221;0.3&#8243; width=&#8221;1\/4&#8243; tablet_width_inherit=&#8221;default&#8221; column_border_width=&#8221;none&#8221; column_border_style=&#8221;solid&#8221; bg_image_animation=&#8221;none&#8221;][\/vc_column_inner][vc_column_inner column_padding=&#8221;no-extra-padding&#8221; column_padding_tablet=&#8221;inherit&#8221; column_padding_phone=&#8221;inherit&#8221; column_padding_position=&#8221;all&#8221; background_color_opacity=&#8221;1&#8243; background_hover_color_opacity=&#8221;1&#8243; column_shadow=&#8221;none&#8221; column_border_radius=&#8221;none&#8221; column_link_target=&#8221;_self&#8221; gradient_direction=&#8221;left_to_right&#8221; overlay_strength=&#8221;0.3&#8243; width=&#8221;1\/2&#8243; tablet_width_inherit=&#8221;default&#8221; column_border_width=&#8221;none&#8221; column_border_style=&#8221;solid&#8221; bg_image_animation=&#8221;none&#8221;][image_with_animation image_url=&#8221;1634&#8243; animation=&#8221;Fade In&#8221; hover_animation=&#8221;none&#8221; alignment=&#8221;&#8221; border_radius=&#8221;none&#8221; box_shadow=&#8221;none&#8221; image_loading=&#8221;default&#8221; max_width=&#8221;100%&#8221; max_width_mobile=&#8221;default&#8221;][\/vc_column_inner][vc_column_inner column_padding=&#8221;no-extra-padding&#8221; column_padding_tablet=&#8221;inherit&#8221; column_padding_phone=&#8221;inherit&#8221; column_padding_position=&#8221;all&#8221; background_color_opacity=&#8221;1&#8243; background_hover_color_opacity=&#8221;1&#8243; column_shadow=&#8221;none&#8221; column_border_radius=&#8221;none&#8221; column_link_target=&#8221;_self&#8221; gradient_direction=&#8221;left_to_right&#8221; overlay_strength=&#8221;0.3&#8243; width=&#8221;1\/4&#8243; tablet_width_inherit=&#8221;default&#8221; column_border_width=&#8221;none&#8221; column_border_style=&#8221;solid&#8221; bg_image_animation=&#8221;none&#8221;][\/vc_column_inner][\/vc_row_inner][\/vc_column][\/vc_row][vc_row type=&#8221;in_container&#8221; full_screen_row_position=&#8221;middle&#8221; column_margin=&#8221;40px&#8221; column_direction=&#8221;default&#8221; column_direction_tablet=&#8221;default&#8221; column_direction_phone=&#8221;default&#8221; bg_color=&#8221;#f4f4f4&#8243; bg_image=&#8221;1642&#8243; bg_position=&#8221;left top&#8221; bg_repeat=&#8221;no-repeat&#8221; scene_position=&#8221;center&#8221; top_padding=&#8221;80px&#8221; bottom_padding=&#8221;80px&#8221; text_color=&#8221;dark&#8221; text_align=&#8221;left&#8221; row_border_radius=&#8221;none&#8221; row_border_radius_applies=&#8221;bg&#8221; disable_element=&#8221;yes&#8221; enable_gradient=&#8221;true&#8221; color_overlay=&#8221;rgba(244,244,244,0.7)&#8221; overlay_strength=&#8221;0.8&#8243; gradient_direction=&#8221;top_to_bottom&#8221; enable_shape_divider=&#8221;true&#8221; shape_divider_color=&#8221;#ffffff&#8221; shape_divider_position=&#8221;both&#8221; bg_image_animation=&#8221;none&#8221; parallax_bg=&#8221;true&#8221; parallax_bg_speed=&#8221;fixed&#8221; shape_type=&#8221;mountains&#8221;][vc_column column_padding=&#8221;no-extra-padding&#8221; column_padding_tablet=&#8221;inherit&#8221; column_padding_phone=&#8221;inherit&#8221; column_padding_position=&#8221;all&#8221; background_color_opacity=&#8221;1&#8243; background_hover_color_opacity=&#8221;1&#8243; column_shadow=&#8221;none&#8221; column_border_radius=&#8221;none&#8221; column_link_target=&#8221;_self&#8221; gradient_direction=&#8221;left_to_right&#8221; overlay_strength=&#8221;0.3&#8243; width=&#8221;1\/3&#8243; tablet_width_inherit=&#8221;default&#8221; tablet_text_alignment=&#8221;default&#8221; phone_text_alignment=&#8221;default&#8221; column_border_width=&#8221;none&#8221; column_border_style=&#8221;solid&#8221; bg_image_animation=&#8221;none&#8221;][image_with_animation image_url=&#8221;1636&#8243; animation=&#8221;Fade In&#8221; hover_animation=&#8221;none&#8221; alignment=&#8221;&#8221; border_radius=&#8221;none&#8221; box_shadow=&#8221;medium_depth&#8221; image_loading=&#8221;default&#8221; max_width=&#8221;100%&#8221; max_width_mobile=&#8221;default&#8221;][\/vc_column][vc_column column_padding=&#8221;no-extra-padding&#8221; column_padding_tablet=&#8221;inherit&#8221; column_padding_phone=&#8221;inherit&#8221; column_padding_position=&#8221;all&#8221; background_color_opacity=&#8221;1&#8243; background_hover_color_opacity=&#8221;1&#8243; column_shadow=&#8221;none&#8221; column_border_radius=&#8221;none&#8221; column_link_target=&#8221;_self&#8221; gradient_direction=&#8221;left_to_right&#8221; overlay_strength=&#8221;0.3&#8243; width=&#8221;2\/3&#8243; tablet_width_inherit=&#8221;default&#8221; tablet_text_alignment=&#8221;default&#8221; phone_text_alignment=&#8221;default&#8221; column_border_width=&#8221;none&#8221; column_border_style=&#8221;solid&#8221; bg_image_animation=&#8221;none&#8221;][vc_column_text]\n<h3 style=\"text-align: justify;\">QU&#8217;EST-CE QU&#8217;UN <strong>BIEN COMMUN<\/strong> ?<\/h3>\n<p style=\"text-align: justify;\">Un bien commun mondial est d\u00e9fini comme une ressource collective, naturelle ou culturelle, partag\u00e9e et b\u00e9n\u00e9fique pour l&#8217;humanit\u00e9 dans son ensemble. <strong>Elle n&#8217;appartient \u00e0 aucun individu<\/strong> et comprend les ressources naturelles comme l&#8217;air, l&#8217;eau, la terre mais aussi les aspects culturels comme la libert\u00e9, l&#8217;histoire, l&#8217;\u00c9tat de droit pour n&#8217;en citer que quelques-uns. Lorsque les ressources collectives sont partag\u00e9es et profitent \u00e0 une communaut\u00e9 donn\u00e9e moins \u00e9tendue que l&#8217;humanit\u00e9, on utilise souvent les termes de biens communs.<\/p>\n<p style=\"text-align: justify;\">Les biens communs n\u00e9cessitent donc <strong>qu\u2019un ensemble d\u2019acteurs s\u2019accordent sur les conditions d\u2019acc\u00e8s \u00e0 la ressource, en organise la maintenance et la pr\u00e9serve<\/strong>. Cette notion est li\u00e9e \u00e0 celle des droits fondamentaux : droit \u00e0 l\u2019eau potable, \u00e0 un air pur, etc.<\/p>\n<p style=\"text-align: justify;\">Nous sommes persuad\u00e9s que la notion de bien commun doit \u00eatre appropri\u00e9e par les plus jeunes g\u00e9n\u00e9rations : c\u2019est synonyme de <strong>reprendre le contr\u00f4le sur nos vies, sur ce que nous achetons, sur le futur que nous voulons construire<\/strong>.<\/p>\n[\/vc_column_text][\/vc_column][\/vc_row][vc_row type=&#8221;in_container&#8221; full_screen_row_position=&#8221;middle&#8221; column_margin=&#8221;default&#8221; column_direction=&#8221;default&#8221; column_direction_tablet=&#8221;default&#8221; column_direction_phone=&#8221;default&#8221; scene_position=&#8221;center&#8221; text_color=&#8221;dark&#8221; text_align=&#8221;left&#8221; row_border_radius=&#8221;none&#8221; row_border_radius_applies=&#8221;bg&#8221; overlay_strength=&#8221;0.3&#8243; gradient_direction=&#8221;left_to_right&#8221; shape_divider_position=&#8221;bottom&#8221; bg_image_animation=&#8221;none&#8221;][vc_column column_padding=&#8221;no-extra-padding&#8221; column_padding_tablet=&#8221;inherit&#8221; column_padding_phone=&#8221;inherit&#8221; column_padding_position=&#8221;all&#8221; background_color_opacity=&#8221;1&#8243; background_hover_color_opacity=&#8221;1&#8243; column_shadow=&#8221;none&#8221; column_border_radius=&#8221;none&#8221; column_link_target=&#8221;_self&#8221; gradient_direction=&#8221;left_to_right&#8221; overlay_strength=&#8221;0.3&#8243; width=&#8221;1\/1&#8243; tablet_width_inherit=&#8221;default&#8221; tablet_text_alignment=&#8221;default&#8221; phone_text_alignment=&#8221;default&#8221; column_border_width=&#8221;none&#8221; column_border_style=&#8221;solid&#8221; bg_image_animation=&#8221;none&#8221;][vc_row_inner column_margin=&#8221;default&#8221; column_direction=&#8221;default&#8221; column_direction_tablet=&#8221;default&#8221; column_direction_phone=&#8221;default&#8221; text_align=&#8221;left&#8221;][vc_column_inner column_padding=&#8221;no-extra-padding&#8221; column_padding_tablet=&#8221;inherit&#8221; column_padding_phone=&#8221;inherit&#8221; column_padding_position=&#8221;all&#8221; background_color_opacity=&#8221;1&#8243; background_hover_color_opacity=&#8221;1&#8243; column_shadow=&#8221;none&#8221; column_border_radius=&#8221;none&#8221; column_link_target=&#8221;_self&#8221; gradient_direction=&#8221;left_to_right&#8221; overlay_strength=&#8221;0.3&#8243; width=&#8221;1\/2&#8243; tablet_width_inherit=&#8221;default&#8221; column_border_width=&#8221;none&#8221; column_border_style=&#8221;solid&#8221; bg_image_animation=&#8221;none&#8221;][fancy_box box_style=&#8221;hover_desc&#8221; icon_family=&#8221;none&#8221; image_url=&#8221;1126&#8243; hover_color=&#8221;extra-color-3&#8243; box_alignment=&#8221;left&#8221; hover_desc_bg_animation=&#8221;long_zoom&#8221; border_radius=&#8221;default&#8221; image_loading=&#8221;default&#8221; link_url=&#8221;https:\/\/oceanascommon.org\/en\/appeal-ocean-as-common-good-of-humanity\/&#8221;]\n<h3>READ AND SIGN THE APPEAL<\/h3>\n[\/fancy_box][\/vc_column_inner][vc_column_inner column_padding=&#8221;no-extra-padding&#8221; column_padding_tablet=&#8221;inherit&#8221; column_padding_phone=&#8221;inherit&#8221; column_padding_position=&#8221;all&#8221; background_color_opacity=&#8221;1&#8243; background_hover_color_opacity=&#8221;1&#8243; column_shadow=&#8221;none&#8221; column_border_radius=&#8221;none&#8221; column_link_target=&#8221;_self&#8221; gradient_direction=&#8221;left_to_right&#8221; overlay_strength=&#8221;0.3&#8243; width=&#8221;1\/2&#8243; tablet_width_inherit=&#8221;default&#8221; column_border_width=&#8221;none&#8221; column_border_style=&#8221;solid&#8221; bg_image_animation=&#8221;none&#8221;][fancy_box box_style=&#8221;hover_desc&#8221; icon_family=&#8221;none&#8221; image_url=&#8221;1651&#8243; hover_color=&#8221;extra-color-3&#8243; box_alignment=&#8221;left&#8221; hover_desc_bg_animation=&#8221;long_zoom&#8221; border_radius=&#8221;default&#8221; image_loading=&#8221;default&#8221; link_url=&#8221;https:\/\/oceanascommon.org\/en\/proposals-governance\/&#8221;]\n<h3>3 PROPOSALS FOR A NEW GOVERNANCE OF THE OCEAN<\/h3>\n[\/fancy_box][\/vc_column_inner][\/vc_row_inner][\/vc_column][\/vc_row][vc_row type=&#8221;full_width_background&#8221; full_screen_row_position=&#8221;middle&#8221; column_margin=&#8221;40px&#8221; column_direction=&#8221;default&#8221; column_direction_tablet=&#8221;default&#8221; column_direction_phone=&#8221;default&#8221; bg_color=&#8221;#ffffff&#8221; scene_position=&#8221;center&#8221; top_padding=&#8221;50&#8243; bottom_padding=&#8221;50&#8243; text_color=&#8221;dark&#8221; text_align=&#8221;left&#8221; row_border_radius=&#8221;none&#8221; row_border_radius_applies=&#8221;bg&#8221; color_overlay=&#8221;rgba(244,244,244,0.7)&#8221; overlay_strength=&#8221;0.3&#8243; gradient_direction=&#8221;top_to_bottom&#8221; shape_divider_position=&#8221;top&#8221; bg_image_animation=&#8221;none&#8221; shape_type=&#8221;mountains&#8221;][vc_column column_padding=&#8221;no-extra-padding&#8221; column_padding_tablet=&#8221;inherit&#8221; column_padding_phone=&#8221;inherit&#8221; column_padding_position=&#8221;all&#8221; background_color_opacity=&#8221;1&#8243; background_hover_color_opacity=&#8221;1&#8243; column_shadow=&#8221;none&#8221; column_border_radius=&#8221;none&#8221; column_link_target=&#8221;_self&#8221; gradient_direction=&#8221;left_to_right&#8221; overlay_strength=&#8221;0.3&#8243; width=&#8221;1\/1&#8243; tablet_width_inherit=&#8221;default&#8221; tablet_text_alignment=&#8221;default&#8221; phone_text_alignment=&#8221;default&#8221; column_border_width=&#8221;none&#8221; column_border_style=&#8221;solid&#8221; bg_image_animation=&#8221;none&#8221;][vc_column_text]\n<div class=\"page\" title=\"Page 4\">\n<div class=\"layoutArea\">\n<div class=\"column\">\n<h3>INSTITUTIONAL HIGHLIGHTS<\/h3>\n<\/div>\n<\/div>\n<\/div>\n[\/vc_column_text][carousel script=&#8221;flickity&#8221; flickity_formatting=&#8221;default&#8221; desktop_cols_flickity=&#8221;4&#8243; desktop_small_cols_flickity=&#8221;4&#8243; tablet_cols_flickity=&#8221;2&#8243; flickity_controls=&#8221;touch_total&#8221; color=&#8221;default&#8221; flickity_overflow=&#8221;visible&#8221; flickity_wrap_around=&#8221;no-wrap&#8221; flickity_spacing=&#8221;20px&#8221; column_padding=&#8221;0&#8243; border_radius=&#8221;15px&#8221; autorotation_speed=&#8221;5000&#8243;][item title=&#8221;\u00c9l\u00e9ment&#8221; id=&#8221;1644320415174-2&#8243; tab_id=&#8221;1644320415176-10&#8243;][image_with_animation image_url=&#8221;3427&#8243; animation=&#8221;Fade In&#8221; hover_animation=&#8221;none&#8221; alignment=&#8221;&#8221; border_radius=&#8221;none&#8221; box_shadow=&#8221;none&#8221; image_loading=&#8221;default&#8221; max_width=&#8221;100%&#8221; max_width_mobile=&#8221;default&#8221;][vc_column_text]<strong>2022 \/ February<\/strong><\/p>\n<p>Formulation of 3 proposals at the One Ocean Summit in Brest:<\/p>\n<div class=\"page\" title=\"Page 2\">\n<div class=\"section\">\n<div class=\"layoutArea\">\n<div class=\"column\">\n<ul>\n<li>The recognition of the Ocean as a global common<\/li>\n<li>The coordination of multiple international conferences related to the ocean for an integrated treatment of the issues<\/li>\n<li>The creation of an international panel on Ocean change (IPOC)<\/li>\n<\/ul>\n<\/div>\n<\/div>\n<\/div>\n<\/div>\n[\/vc_column_text][\/item][item title=&#8221;\u00c9l\u00e9ment&#8221; id=&#8221;1644320415233-3&#8243; tab_id=&#8221;1644320415234-9&#8243;][image_with_animation image_url=&#8221;2311&#8243; animation=&#8221;Fade In&#8221; hover_animation=&#8221;none&#8221; alignment=&#8221;&#8221; border_radius=&#8221;none&#8221; box_shadow=&#8221;none&#8221; image_loading=&#8221;default&#8221; max_width=&#8221;100%&#8221; max_width_mobile=&#8221;default&#8221;][vc_column_text]\n<h4>2020 \/ April<\/h4>\n<p>Publication in Le Marin of the article &#8220;Our Ocean, a treasure in danger&#8221; by Eudes Riblier, President of the French Institute of the Sea[\/vc_column_text][\/item][item title=&#8221;\u00c9l\u00e9ment&#8221; id=&#8221;1644320415276-3&#8243; tab_id=&#8221;1644320415277-1&#8243;][nectar_video_lightbox link_style=&#8221;play_button_2&#8243; nectar_play_button_color=&#8221;Default-Accent-Color&#8221; image_url=&#8221;1666&#8243; hover_effect=&#8221;defaut&#8221; box_shadow=&#8221;none&#8221; border_radius=&#8221;none&#8221; play_button_size=&#8221;default&#8221; video_url=&#8221;https:\/\/www.youtube.com\/watch?v=PKmMN_lz1BQ&#8221;][vc_column_text]\n<h4>2019 \/ December<\/h4>\n<p>Declaration by Emmanuel Macron at the Assises de l&#8217;\u00c9conomie de la Mer to bring the Appeal to the international stage.[\/vc_column_text][\/item][item title=&#8221;\u00c9l\u00e9ment&#8221; id=&#8221;1644320415318-4&#8243; tab_id=&#8221;1644320415319-0&#8243;][image_with_animation image_url=&#8221;1669&#8243; animation=&#8221;Fade In&#8221; hover_animation=&#8221;none&#8221; alignment=&#8221;&#8221; border_radius=&#8221;none&#8221; box_shadow=&#8221;none&#8221; image_loading=&#8221;default&#8221; max_width=&#8221;100%&#8221; max_width_mobile=&#8221;default&#8221;][vc_column_text]\n<h4>2019 \/ November<\/h4>\n<p>Meeting with the cabinet of the President of the Republic.[\/vc_column_text][\/item][item id=&#8221;1644320415353-0&#8243; tab_id=&#8221;1644320415354-2&#8243; title=&#8221;\u00c9l\u00e9ment&#8221;][image_with_animation image_url=&#8221;1653&#8243; animation=&#8221;Fade In&#8221; hover_animation=&#8221;none&#8221; alignment=&#8221;&#8221; border_radius=&#8221;none&#8221; box_shadow=&#8221;none&#8221; image_loading=&#8221;default&#8221; max_width=&#8221;100%&#8221; max_width_mobile=&#8221;default&#8221;][vc_column_text]\n<h4>2019 \/ August<\/h4>\n<p>Participation in the G7 in Biarritz.[\/vc_column_text][\/item][item title=&#8221;\u00c9l\u00e9ment&#8221; id=&#8221;1644320415393-1&#8243; tab_id=&#8221;1644320415394-6&#8243;][image_with_animation image_url=&#8221;1656&#8243; animation=&#8221;Fade In&#8221; hover_animation=&#8221;none&#8221; alignment=&#8221;&#8221; border_radius=&#8221;none&#8221; box_shadow=&#8221;none&#8221; image_loading=&#8221;default&#8221; max_width=&#8221;100%&#8221; max_width_mobile=&#8221;default&#8221;][vc_column_text]\n<h4>2019<\/h4>\n<p>Partnerships: Grand Prix Guyader, Solitaire Urgo Figaro, La Mer XXL, Transat Jacques Vabre, Festival Interceltique de Lorient.[\/vc_column_text][\/item][item id=&#8221;1644320415430-8&#8243; tab_id=&#8221;1644320415431-6&#8243; title=&#8221;\u00c9l\u00e9ment&#8221;][image_with_animation image_url=&#8221;1658&#8243; animation=&#8221;Fade In&#8221; hover_animation=&#8221;none&#8221; alignment=&#8221;&#8221; border_radius=&#8221;none&#8221; box_shadow=&#8221;none&#8221; image_loading=&#8221;default&#8221; max_width=&#8221;100%&#8221; max_width_mobile=&#8221;default&#8221;][vc_column_text]\n<h4>2018<\/h4>\n<p>Partnership with the Route du Rhum.[\/vc_column_text][\/item][item id=&#8221;1644320415473-10&#8243; tab_id=&#8221;1644320415474-6&#8243; title=&#8221;\u00c9l\u00e9ment&#8221;][image_with_animation image_url=&#8221;1651&#8243; animation=&#8221;Fade In&#8221; hover_animation=&#8221;none&#8221; alignment=&#8221;&#8221; border_radius=&#8221;none&#8221; box_shadow=&#8221;none&#8221; image_loading=&#8221;default&#8221; max_width=&#8221;100%&#8221; max_width_mobile=&#8221;default&#8221;][vc_column_text]\n<h4>2018 \/ June<\/h4>\n<p>Launch of the appeal in Monaco. Commitment of the sailors of the Imoca class.[\/vc_column_text][\/item][\/carousel][\/vc_column][\/vc_row][vc_row type=&#8221;full_width_background&#8221; full_screen_row_position=&#8221;middle&#8221; column_margin=&#8221;40px&#8221; column_direction=&#8221;default&#8221; column_direction_tablet=&#8221;default&#8221; column_direction_phone=&#8221;default&#8221; bg_color=&#8221;#ffffff&#8221; scene_position=&#8221;center&#8221; top_padding=&#8221;80px&#8221; bottom_padding=&#8221;60px&#8221; text_color=&#8221;dark&#8221; text_align=&#8221;left&#8221; row_border_radius=&#8221;none&#8221; row_border_radius_applies=&#8221;bg&#8221; disable_element=&#8221;yes&#8221; color_overlay=&#8221;rgba(244,244,244,0.7)&#8221; overlay_strength=&#8221;0.3&#8243; gradient_direction=&#8221;top_to_bottom&#8221; shape_divider_position=&#8221;top&#8221; bg_image_animation=&#8221;none&#8221; shape_type=&#8221;mountains&#8221;][vc_column column_padding=&#8221;no-extra-padding&#8221; column_padding_tablet=&#8221;inherit&#8221; column_padding_phone=&#8221;inherit&#8221; column_padding_position=&#8221;all&#8221; background_color_opacity=&#8221;1&#8243; background_hover_color_opacity=&#8221;1&#8243; column_shadow=&#8221;none&#8221; column_border_radius=&#8221;none&#8221; column_link_target=&#8221;_self&#8221; gradient_direction=&#8221;left_to_right&#8221; overlay_strength=&#8221;0.3&#8243; width=&#8221;1\/1&#8243; tablet_width_inherit=&#8221;default&#8221; tablet_text_alignment=&#8221;default&#8221; phone_text_alignment=&#8221;default&#8221; column_border_width=&#8221;none&#8221; column_border_style=&#8221;solid&#8221; bg_image_animation=&#8221;none&#8221;][vc_column_text]\n<h3 style=\"text-align: justify;\">Les temps forts institutionnels<\/h3>\n[\/vc_column_text][carousel script=&#8221;flickity&#8221; flickity_formatting=&#8221;default&#8221; desktop_cols_flickity=&#8221;4&#8243; desktop_small_cols_flickity=&#8221;4&#8243; tablet_cols_flickity=&#8221;2&#8243; flickity_controls=&#8221;touch_total&#8221; color=&#8221;default&#8221; flickity_overflow=&#8221;visible&#8221; flickity_wrap_around=&#8221;no-wrap&#8221; flickity_spacing=&#8221;20px&#8221; column_padding=&#8221;0&#8243; border_radius=&#8221;15px&#8221; autorotation_speed=&#8221;5000&#8243;][item id=&#8221;1644320415585-7&#8243; tab_id=&#8221;1644320415586-7&#8243; title=&#8221;\u00c9l\u00e9ment&#8221;][image_with_animation image_url=&#8221;1651&#8243; animation=&#8221;Fade In&#8221; hover_animation=&#8221;none&#8221; alignment=&#8221;&#8221; border_radius=&#8221;none&#8221; box_shadow=&#8221;none&#8221; image_loading=&#8221;default&#8221; max_width=&#8221;100%&#8221; max_width_mobile=&#8221;default&#8221;][vc_column_text]\n<h4>2018<\/h4>\n<p>Lancement de l\u2019appel \u00e0 Monaco. Engagement des marins de la classe Imoca.[\/vc_column_text][\/item][item id=&#8221;1644320415640-7&#8243; tab_id=&#8221;1644320415641-2&#8243; title=&#8221;\u00c9l\u00e9ment&#8221;][image_with_animation image_url=&#8221;1658&#8243; animation=&#8221;Fade In&#8221; hover_animation=&#8221;none&#8221; alignment=&#8221;&#8221; border_radius=&#8221;none&#8221; box_shadow=&#8221;none&#8221; image_loading=&#8221;default&#8221; max_width=&#8221;100%&#8221; max_width_mobile=&#8221;default&#8221;][vc_column_text]\n<h4>2018<\/h4>\n<p>Partenariat avec la Route du Rhum.[\/vc_column_text][\/item][item id=&#8221;1644320415678-0&#8243; tab_id=&#8221;1644320415679-9&#8243; title=&#8221;\u00c9l\u00e9ment&#8221;][image_with_animation image_url=&#8221;1653&#8243; animation=&#8221;Fade In&#8221; hover_animation=&#8221;none&#8221; alignment=&#8221;&#8221; border_radius=&#8221;none&#8221; box_shadow=&#8221;none&#8221; image_loading=&#8221;default&#8221; max_width=&#8221;100%&#8221; max_width_mobile=&#8221;default&#8221;][vc_column_text]\n<h4>2019 \/ Ao\u00fbt<\/h4>\n<p>Participation au G7 \u00e0 Biarritz.[\/vc_column_text][\/item][item title=&#8221;\u00c9l\u00e9ment&#8221; id=&#8221;1644320415710-5&#8243; tab_id=&#8221;1644320415711-8&#8243;][image_with_animation image_url=&#8221;1656&#8243; animation=&#8221;Fade In&#8221; hover_animation=&#8221;none&#8221; alignment=&#8221;&#8221; border_radius=&#8221;none&#8221; box_shadow=&#8221;none&#8221; image_loading=&#8221;default&#8221; max_width=&#8221;100%&#8221; max_width_mobile=&#8221;default&#8221;][vc_column_text]\n<h4>2019<\/h4>\n<p>Partenariats : Grand Prix Guyader, Solitaire Urgo Figaro, La Mer XXL, Transat Jacques Vabre, Festival Interceltique de Lorient.[\/vc_column_text][\/item][item title=&#8221;\u00c9l\u00e9ment&#8221; id=&#8221;1644320415745-1&#8243; tab_id=&#8221;1644320415746-4&#8243;][image_with_animation image_url=&#8221;1669&#8243; animation=&#8221;Fade In&#8221; hover_animation=&#8221;none&#8221; alignment=&#8221;&#8221; border_radius=&#8221;none&#8221; box_shadow=&#8221;none&#8221; image_loading=&#8221;default&#8221; max_width=&#8221;100%&#8221; max_width_mobile=&#8221;default&#8221;][vc_column_text]\n<h4>2019 \/ Novembre<\/h4>\n<p>Rencontre avec le cabinet du Pr\u00e9sident de la R\u00e9publique.[\/vc_column_text][\/item][item title=&#8221;\u00c9l\u00e9ment&#8221; id=&#8221;1644320415798-9&#8243; tab_id=&#8221;1644320415799-5&#8243;][nectar_video_lightbox link_style=&#8221;play_button_2&#8243; nectar_play_button_color=&#8221;Default-Accent-Color&#8221; image_url=&#8221;1666&#8243; hover_effect=&#8221;defaut&#8221; box_shadow=&#8221;none&#8221; border_radius=&#8221;none&#8221; play_button_size=&#8221;default&#8221; video_url=&#8221;https:\/\/www.youtube.com\/watch?v=PKmMN_lz1BQ&#8221;][vc_column_text]\n<h4>2019 \/ D\u00e9cembre<\/h4>\n<p>D\u00e9claration d\u2019Emmanuel Macron aux Assises de l\u2019\u00c9conomie de la Mer pour porter l\u2019Appel sur la sc\u00e8ne internationale.[\/vc_column_text][\/item][item title=&#8221;\u00c9l\u00e9ment&#8221; id=&#8221;1644320415868-0&#8243; tab_id=&#8221;1644320415869-0&#8243;][image_with_animation image_url=&#8221;1660&#8243; animation=&#8221;Fade In&#8221; hover_animation=&#8221;none&#8221; alignment=&#8221;&#8221; img_link_target=&#8221;_blank&#8221; border_radius=&#8221;none&#8221; box_shadow=&#8221;none&#8221; image_loading=&#8221;default&#8221; max_width=&#8221;100%&#8221; max_width_mobile=&#8221;default&#8221;][vc_column_text]\n<h4>2020 \/ Juin<\/h4>\n<p>Lancement de &#8220;Nagez Pour l\u2019Oc\u00e9an&#8221;.[\/vc_column_text][\/item][item title=&#8221;\u00c9l\u00e9ment&#8221; id=&#8221;1644320415908-2&#8243; tab_id=&#8221;1644320415909-5&#8243;][image_with_animation image_url=&#8221;1516&#8243; animation=&#8221;Fade In&#8221; hover_animation=&#8221;none&#8221; alignment=&#8221;&#8221; border_radius=&#8221;none&#8221; box_shadow=&#8221;none&#8221; image_loading=&#8221;default&#8221; max_width=&#8221;100%&#8221; max_width_mobile=&#8221;default&#8221;][vc_column_text]\n<h4>2020 \/ Juillet<\/h4>\n<p>Nagez Pour l\u2019Oc\u00e9an Open Swimstars avec &#8220;Th\u00e9o Curin&#8221;.[\/vc_column_text][\/item][item title=&#8221;\u00c9l\u00e9ment&#8221; id=&#8221;1644320415953-3&#8243; tab_id=&#8221;1644320415954-0&#8243;][image_with_animation image_url=&#8221;1648&#8243; animation=&#8221;Fade In&#8221; hover_animation=&#8221;none&#8221; alignment=&#8221;&#8221; border_radius=&#8221;none&#8221; box_shadow=&#8221;none&#8221; image_loading=&#8221;default&#8221; max_width=&#8221;100%&#8221; max_width_mobile=&#8221;default&#8221;][vc_column_text]\n<h4>2020 \/ Ao\u00fbt<\/h4>\n<p>Nagez Pour l&#8217;Oc\u00e9an &#8220;Vend\u00e9e Gliss Event&#8221;.[\/vc_column_text][\/item][item title=&#8221;\u00c9l\u00e9ment&#8221; id=&#8221;1644320416002-1&#8243; tab_id=&#8221;1644320416003-1&#8243;][image_with_animation image_url=&#8221;1662&#8243; animation=&#8221;Fade In&#8221; hover_animation=&#8221;none&#8221; alignment=&#8221;&#8221; border_radius=&#8221;none&#8221; box_shadow=&#8221;none&#8221; image_loading=&#8221;default&#8221; max_width=&#8221;100%&#8221; max_width_mobile=&#8221;default&#8221;][vc_column_text]\n<h4>2020 \/ Septembre<\/h4>\n<p>Nagez Pour l&#8217;Oc\u00e9an &#8220;Spi Ouest France&#8221;.[\/vc_column_text][\/item][\/carousel][\/vc_column][\/vc_row][vc_row type=&#8221;full_width_content&#8221; full_screen_row_position=&#8221;middle&#8221; column_margin=&#8221;default&#8221; column_direction=&#8221;default&#8221; column_direction_tablet=&#8221;default&#8221; column_direction_phone=&#8221;default&#8221; scene_position=&#8221;center&#8221; layer_one_image=&#8221;1124&#8243; bottom_padding=&#8221;4%&#8221; text_color=&#8221;light&#8221; text_align=&#8221;center&#8221; row_border_radius=&#8221;none&#8221; row_border_radius_applies=&#8221;bg&#8221; id=&#8221;pour&#8221; overlay_strength=&#8221;0.3&#8243; gradient_direction=&#8221;top_to_bottom&#8221; enable_shape_divider=&#8221;true&#8221; shape_divider_color=&#8221;#195aa8&#8243; shape_divider_position=&#8221;bottom&#8221; shape_divider_height=&#8221;70&#8243; bg_image_animation=&#8221;none&#8221; shape_type=&#8221;mountains&#8221;][vc_column column_padding=&#8221;no-extra-padding&#8221; column_padding_tablet=&#8221;inherit&#8221; column_padding_phone=&#8221;inherit&#8221; column_padding_position=&#8221;all&#8221; centered_text=&#8221;true&#8221; background_color_opacity=&#8221;1&#8243; background_hover_color_opacity=&#8221;1&#8243; font_color=&#8221;#ffffff&#8221; column_shadow=&#8221;none&#8221; column_border_radius=&#8221;none&#8221; column_link_target=&#8221;_self&#8221; gradient_direction=&#8221;left_to_right&#8221; overlay_strength=&#8221;0.3&#8243; width=&#8221;1\/1&#8243; tablet_width_inherit=&#8221;default&#8221; tablet_text_alignment=&#8221;default&#8221; phone_text_alignment=&#8221;default&#8221; column_border_width=&#8221;none&#8221; column_border_style=&#8221;solid&#8221; bg_image_animation=&#8221;none&#8221;][divider line_type=&#8221;No Line&#8221; custom_height=&#8221;10px&#8221;][\/vc_column][\/vc_row][vc_row type=&#8221;in_container&#8221; full_screen_row_position=&#8221;middle&#8221; column_margin=&#8221;default&#8221; column_direction=&#8221;default&#8221; column_direction_tablet=&#8221;default&#8221; column_direction_phone=&#8221;default&#8221; scene_position=&#8221;center&#8221; text_color=&#8221;dark&#8221; text_align=&#8221;left&#8221; row_border_radius=&#8221;none&#8221; row_border_radius_applies=&#8221;bg&#8221; disable_element=&#8221;yes&#8221; overlay_strength=&#8221;0.3&#8243; gradient_direction=&#8221;left_to_right&#8221; shape_divider_position=&#8221;bottom&#8221; bg_image_animation=&#8221;none&#8221; shape_type=&#8221;&#8221;][vc_column column_padding=&#8221;no-extra-padding&#8221; column_padding_tablet=&#8221;inherit&#8221; column_padding_phone=&#8221;inherit&#8221; column_padding_position=&#8221;all&#8221; background_color_opacity=&#8221;1&#8243; background_hover_color_opacity=&#8221;1&#8243; column_shadow=&#8221;none&#8221; column_border_radius=&#8221;none&#8221; column_link_target=&#8221;_self&#8221; gradient_direction=&#8221;left_to_right&#8221; overlay_strength=&#8221;0.3&#8243; width=&#8221;1\/1&#8243; tablet_width_inherit=&#8221;default&#8221; tablet_text_alignment=&#8221;default&#8221; phone_text_alignment=&#8221;default&#8221; column_border_width=&#8221;none&#8221; column_border_style=&#8221;solid&#8221; bg_image_animation=&#8221;none&#8221;][vc_row_inner column_margin=&#8221;default&#8221; column_direction=&#8221;default&#8221; column_direction_tablet=&#8221;default&#8221; column_direction_phone=&#8221;default&#8221; text_align=&#8221;left&#8221;][vc_column_inner column_padding=&#8221;no-extra-padding&#8221; column_padding_tablet=&#8221;inherit&#8221; column_padding_phone=&#8221;inherit&#8221; column_padding_position=&#8221;all&#8221; constrain_group_2=&#8221;yes&#8221; background_color_opacity=&#8221;1&#8243; background_hover_color_opacity=&#8221;1&#8243; column_shadow=&#8221;none&#8221; column_border_radius=&#8221;none&#8221; column_link_target=&#8221;_self&#8221; gradient_direction=&#8221;left_to_right&#8221; overlay_strength=&#8221;0.3&#8243; width=&#8221;1\/2&#8243; tablet_width_inherit=&#8221;default&#8221; column_border_width=&#8221;none&#8221; column_border_style=&#8221;solid&#8221; bg_image_animation=&#8221;none&#8221;][vc_column_text]Le Marin &#8211; 30 avril 2020[\/vc_column_text][image_with_animation image_url=&#8221;2315&#8243; animation=&#8221;Fade In&#8221; hover_animation=&#8221;none&#8221; alignment=&#8221;&#8221; img_link_target=&#8221;_blank&#8221; border_radius=&#8221;none&#8221; box_shadow=&#8221;none&#8221; image_loading=&#8221;default&#8221; max_width=&#8221;100%&#8221; max_width_mobile=&#8221;default&#8221; img_link=&#8221;http:\/\/ifmer.org\/&#8221;][divider line_type=&#8221;No Line&#8221; custom_height=&#8221;10&#8243;][vc_column_text]Ouest France &#8211; 26 septembre 2020[\/vc_column_text][image_with_animation image_url=&#8221;2323&#8243; animation=&#8221;Fade In&#8221; hover_animation=&#8221;none&#8221; alignment=&#8221;&#8221; img_link_target=&#8221;_blank&#8221; border_radius=&#8221;none&#8221; box_shadow=&#8221;none&#8221; image_loading=&#8221;default&#8221; max_width=&#8221;100%&#8221; max_width_mobile=&#8221;default&#8221; img_link=&#8221;https:\/\/www.ouest-france.fr\/mer\/point-de-vue-l-ocean-ce-bien-commun-de-l-humanite-6990153&#8243;][divider line_type=&#8221;No Line&#8221; custom_height=&#8221;10&#8243;][vc_column_text]France Info &#8211; 13 f\u00e9vrier 2021[\/vc_column_text][image_with_animation image_url=&#8221;2319&#8243; animation=&#8221;Fade In&#8221; hover_animation=&#8221;none&#8221; alignment=&#8221;&#8221; img_link_target=&#8221;_blank&#8221; border_radius=&#8221;none&#8221; box_shadow=&#8221;none&#8221; image_loading=&#8221;default&#8221; max_width=&#8221;100%&#8221; max_width_mobile=&#8221;default&#8221; img_link=&#8221;https:\/\/www.francetvinfo.fr\/replay-radio\/au-fil-de-l-eau\/au-fil-de-l-eau-et-si-locean-devenait-un-bien-commun-de-lhumanite_4277173.html&#8221;][\/vc_column_inner][vc_column_inner column_padding=&#8221;no-extra-padding&#8221; column_padding_tablet=&#8221;inherit&#8221; column_padding_phone=&#8221;inherit&#8221; column_padding_position=&#8221;all&#8221; background_color_opacity=&#8221;1&#8243; background_hover_color_opacity=&#8221;1&#8243; column_shadow=&#8221;none&#8221; column_border_radius=&#8221;none&#8221; column_link_target=&#8221;_self&#8221; gradient_direction=&#8221;left_to_right&#8221; overlay_strength=&#8221;0.3&#8243; width=&#8221;1\/2&#8243; tablet_width_inherit=&#8221;default&#8221; column_border_width=&#8221;none&#8221; column_border_style=&#8221;solid&#8221; bg_image_animation=&#8221;none&#8221;][vc_column_text]Les Echos &#8211; 7 juillet 2020[\/vc_column_text][image_with_animation image_url=&#8221;2325&#8243; animation=&#8221;Fade In&#8221; hover_animation=&#8221;none&#8221; alignment=&#8221;&#8221; img_link_target=&#8221;_blank&#8221; border_radius=&#8221;none&#8221; box_shadow=&#8221;none&#8221; image_loading=&#8221;default&#8221; max_width=&#8221;100%&#8221; max_width_mobile=&#8221;default&#8221; img_link=&#8221;https:\/\/www.lesechos.fr\/thema\/articles\/francoise-gaill-locean-enjeu-geostrategique-du-siecle-1221837&#8243;][divider line_type=&#8221;No Line&#8221; custom_height=&#8221;10&#8243;][vc_column_text]Lib\u00e9ration &#8211; 25 septembre 2020[\/vc_column_text][image_with_animation image_url=&#8221;2313&#8243; animation=&#8221;Fade In&#8221; hover_animation=&#8221;none&#8221; alignment=&#8221;&#8221; img_link_target=&#8221;_blank&#8221; border_radius=&#8221;none&#8221; box_shadow=&#8221;none&#8221; image_loading=&#8221;default&#8221; max_width=&#8221;100%&#8221; max_width_mobile=&#8221;default&#8221; img_link=&#8221;https:\/\/www.liberation.fr\/evenements-libe\/2020\/09\/25\/l-ocean-un-bien-commun-de-l-humanite_1800508\/&#8221;][divider line_type=&#8221;No Line&#8221; custom_height=&#8221;10&#8243;][vc_column_text]France Culture &#8211; 3 novembre 2020[\/vc_column_text][image_with_animation image_url=&#8221;2317&#8243; animation=&#8221;Fade In&#8221; hover_animation=&#8221;none&#8221; alignment=&#8221;&#8221; img_link_target=&#8221;_blank&#8221; border_radius=&#8221;none&#8221; box_shadow=&#8221;none&#8221; image_loading=&#8221;default&#8221; max_width=&#8221;100%&#8221; max_width_mobile=&#8221;default&#8221; img_link=&#8221;https:\/\/www.franceculture.fr\/emissions\/de-cause-a-effets-le-magazine-de-lenvironnement\/de-cause-a-effets-le-magazine-de-lenvironnement-du-mardi-03-novembre-2020&#8243;][divider line_type=&#8221;No Line&#8221; custom_height=&#8221;10&#8243;][\/vc_column_inner][\/vc_row_inner][\/vc_column][\/vc_row]\n","protected":false},"excerpt":{"rendered":"<p>[vc_row type=&#8221;full_width_content&#8221; full_screen_row_position=&#8221;middle&#8221; column_margin=&#8221;default&#8221; column_direction=&#8221;default&#8221; column_direction_tablet=&#8221;default&#8221; column_direction_phone=&#8221;default&#8221; bg_color=&#8221;#ffffff&#8221; bg_image=&#8221;988&#8243; bg_position=&#8221;center center&#8221; bg_repeat=&#8221;no-repeat&#8221; scene_position=&#8221;center&#8221; text_color=&#8221;light&#8221; text_align=&#8221;center&#8221; row_border_radius=&#8221;none&#8221; row_border_radius_applies=&#8221;bg&#8221; enable_gradient=&#8221;true&#8221; color_overlay_2=&#8221;#014c72&#8243; overlay_strength=&#8221;0.5&#8243; gradient_direction=&#8221;left_b_to_right_t&#8221; enable_shape_divider=&#8221;true&#8221; shape_divider_position=&#8221;bottom&#8221; bg_image_animation=&#8221;zoom-out-slow&#8221; parallax_bg=&#8221;true&#8221; parallax_bg_speed=&#8221;medium&#8221; shape_type=&#8221;curve_opacity&#8221;][vc_column column_padding=&#8221;no-extra-padding&#8221; column_padding_tablet=&#8221;inherit&#8221; column_padding_phone=&#8221;inherit&#8221;&#8230;<\/p>\n","protected":false},"author":5,"featured_media":0,"parent":0,"menu_order":0,"comment_status":"closed","ping_status":"closed","template":"","meta":[],"yoast_head":"<!-- This site is optimized with the Yoast SEO plugin v19.11 - https:\/\/yoast.com\/wordpress\/plugins\/seo\/ -->\n<title>Advocacy - Ocean As Common<\/title>\n<meta name=\"description\" content=\"Initie\u0301e par Catherine Chabaud et Eudes Riblier, Oce\u0301an Bien Commun de l\u2019Humanite\u0301 est une association engage\u0301e dans la pre\u0301servation de l\u2019Oce\u0301an.\" \/>\n<meta name=\"robots\" content=\"index, follow, max-snippet:-1, max-image-preview:large, max-video-preview:-1\" \/>\n<link rel=\"canonical\" href=\"https:\/\/oceanascommon.org\/en\/advocacy\/\" \/>\n<meta property=\"og:locale\" content=\"en_US\" \/>\n<meta property=\"og:type\" content=\"article\" \/>\n<meta property=\"og:title\" content=\"Advocacy - Ocean As Common\" \/>\n<meta property=\"og:description\" content=\"Initie\u0301e par Catherine Chabaud et Eudes Riblier, Oce\u0301an Bien Commun de l\u2019Humanite\u0301 est une association engage\u0301e dans la pre\u0301servation de l\u2019Oce\u0301an.\" \/>\n<meta property=\"og:url\" content=\"https:\/\/oceanascommon.org\/en\/advocacy\/\" \/>\n<meta property=\"og:site_name\" content=\"Ocean As Common\" \/>\n<meta property=\"article:modified_time\" content=\"2022-02-08T11:40:26+00:00\" \/>\n<meta name=\"twitter:card\" content=\"summary_large_image\" \/>\n<meta name=\"twitter:label1\" content=\"Est. reading time\" \/>\n\t<meta name=\"twitter:data1\" content=\"7 minutes\" \/>\n<script type=\"application\/ld+json\" class=\"yoast-schema-graph\">{\"@context\":\"https:\/\/schema.org\",\"@graph\":[{\"@type\":\"WebPage\",\"@id\":\"https:\/\/oceanascommon.org\/en\/advocacy\/\",\"url\":\"https:\/\/oceanascommon.org\/en\/advocacy\/\",\"name\":\"Advocacy - Ocean As Common\",\"isPartOf\":{\"@id\":\"https:\/\/oceanascommon.org\/#website\"},\"datePublished\":\"2020-10-01T08:04:32+00:00\",\"dateModified\":\"2022-02-08T11:40:26+00:00\",\"description\":\"Initie\u0301e par Catherine Chabaud et Eudes Riblier, Oce\u0301an Bien Commun de l\u2019Humanite\u0301 est une association engage\u0301e dans la pre\u0301servation de l\u2019Oce\u0301an.\",\"breadcrumb\":{\"@id\":\"https:\/\/oceanascommon.org\/en\/advocacy\/#breadcrumb\"},\"inLanguage\":\"en-US\",\"potentialAction\":[{\"@type\":\"ReadAction\",\"target\":[\"https:\/\/oceanascommon.org\/en\/advocacy\/\"]}]},{\"@type\":\"BreadcrumbList\",\"@id\":\"https:\/\/oceanascommon.org\/en\/advocacy\/#breadcrumb\",\"itemListElement\":[{\"@type\":\"ListItem\",\"position\":1,\"name\":\"Home\",\"item\":\"https:\/\/oceanascommon.org\/en\/\"},{\"@type\":\"ListItem\",\"position\":2,\"name\":\"Advocacy\"}]},{\"@type\":\"WebSite\",\"@id\":\"https:\/\/oceanascommon.org\/#website\",\"url\":\"https:\/\/oceanascommon.org\/\",\"name\":\"Ocean As Common\",\"description\":\"Oc\u00e9an, Bien commun de l&#039;Humanit\u00e9\",\"publisher\":{\"@id\":\"https:\/\/oceanascommon.org\/#organization\"},\"potentialAction\":[{\"@type\":\"SearchAction\",\"target\":{\"@type\":\"EntryPoint\",\"urlTemplate\":\"https:\/\/oceanascommon.org\/?s={search_term_string}\"},\"query-input\":\"required name=search_term_string\"}],\"inLanguage\":\"en-US\"},{\"@type\":\"Organization\",\"@id\":\"https:\/\/oceanascommon.org\/#organization\",\"name\":\"Ocean As Common\",\"url\":\"https:\/\/oceanascommon.org\/\",\"logo\":{\"@type\":\"ImageObject\",\"inLanguage\":\"en-US\",\"@id\":\"https:\/\/oceanascommon.org\/#\/schema\/logo\/image\/\",\"url\":\"https:\/\/oceanascommon.org\/wp-content\/uploads\/2019\/03\/logo_OAC_266x60_bleu.png\",\"contentUrl\":\"https:\/\/oceanascommon.org\/wp-content\/uploads\/2019\/03\/logo_OAC_266x60_bleu.png\",\"width\":266,\"height\":60,\"caption\":\"Ocean As Common\"},\"image\":{\"@id\":\"https:\/\/oceanascommon.org\/#\/schema\/logo\/image\/\"}}]}<\/script>\n<!-- \/ Yoast SEO plugin. -->","yoast_head_json":{"title":"Advocacy - Ocean As Common","description":"Initie\u0301e par Catherine Chabaud et Eudes Riblier, Oce\u0301an Bien Commun de l\u2019Humanite\u0301 est une association engage\u0301e dans la pre\u0301servation de l\u2019Oce\u0301an.","robots":{"index":"index","follow":"follow","max-snippet":"max-snippet:-1","max-image-preview":"max-image-preview:large","max-video-preview":"max-video-preview:-1"},"canonical":"https:\/\/oceanascommon.org\/en\/advocacy\/","og_locale":"en_US","og_type":"article","og_title":"Advocacy - Ocean As Common","og_description":"Initie\u0301e par Catherine Chabaud et Eudes Riblier, Oce\u0301an Bien Commun de l\u2019Humanite\u0301 est une association engage\u0301e dans la pre\u0301servation de l\u2019Oce\u0301an.","og_url":"https:\/\/oceanascommon.org\/en\/advocacy\/","og_site_name":"Ocean As Common","article_modified_time":"2022-02-08T11:40:26+00:00","twitter_card":"summary_large_image","twitter_misc":{"Est. reading time":"7 minutes"},"schema":{"@context":"https:\/\/schema.org","@graph":[{"@type":"WebPage","@id":"https:\/\/oceanascommon.org\/en\/advocacy\/","url":"https:\/\/oceanascommon.org\/en\/advocacy\/","name":"Advocacy - Ocean As Common","isPartOf":{"@id":"https:\/\/oceanascommon.org\/#website"},"datePublished":"2020-10-01T08:04:32+00:00","dateModified":"2022-02-08T11:40:26+00:00","description":"Initie\u0301e par Catherine Chabaud et Eudes Riblier, Oce\u0301an Bien Commun de l\u2019Humanite\u0301 est une association engage\u0301e dans la pre\u0301servation de l\u2019Oce\u0301an.","breadcrumb":{"@id":"https:\/\/oceanascommon.org\/en\/advocacy\/#breadcrumb"},"inLanguage":"en-US","potentialAction":[{"@type":"ReadAction","target":["https:\/\/oceanascommon.org\/en\/advocacy\/"]}]},{"@type":"BreadcrumbList","@id":"https:\/\/oceanascommon.org\/en\/advocacy\/#breadcrumb","itemListElement":[{"@type":"ListItem","position":1,"name":"Home","item":"https:\/\/oceanascommon.org\/en\/"},{"@type":"ListItem","position":2,"name":"Advocacy"}]},{"@type":"WebSite","@id":"https:\/\/oceanascommon.org\/#website","url":"https:\/\/oceanascommon.org\/","name":"Ocean As Common","description":"Oc\u00e9an, Bien commun de l&#039;Humanit\u00e9","publisher":{"@id":"https:\/\/oceanascommon.org\/#organization"},"potentialAction":[{"@type":"SearchAction","target":{"@type":"EntryPoint","urlTemplate":"https:\/\/oceanascommon.org\/?s={search_term_string}"},"query-input":"required name=search_term_string"}],"inLanguage":"en-US"},{"@type":"Organization","@id":"https:\/\/oceanascommon.org\/#organization","name":"Ocean As Common","url":"https:\/\/oceanascommon.org\/","logo":{"@type":"ImageObject","inLanguage":"en-US","@id":"https:\/\/oceanascommon.org\/#\/schema\/logo\/image\/","url":"https:\/\/oceanascommon.org\/wp-content\/uploads\/2019\/03\/logo_OAC_266x60_bleu.png","contentUrl":"https:\/\/oceanascommon.org\/wp-content\/uploads\/2019\/03\/logo_OAC_266x60_bleu.png","width":266,"height":60,"caption":"Ocean As Common"},"image":{"@id":"https:\/\/oceanascommon.org\/#\/schema\/logo\/image\/"}}]}},"_links":{"self":[{"href":"https:\/\/oceanascommon.org\/en\/wp-json\/wp\/v2\/pages\/3425"}],"collection":[{"href":"https:\/\/oceanascommon.org\/en\/wp-json\/wp\/v2\/pages"}],"about":[{"href":"https:\/\/oceanascommon.org\/en\/wp-json\/wp\/v2\/types\/page"}],"author":[{"embeddable":true,"href":"https:\/\/oceanascommon.org\/en\/wp-json\/wp\/v2\/users\/5"}],"replies":[{"embeddable":true,"href":"https:\/\/oceanascommon.org\/en\/wp-json\/wp\/v2\/comments?post=3425"}],"version-history":[{"count":8,"href":"https:\/\/oceanascommon.org\/en\/wp-json\/wp\/v2\/pages\/3425\/revisions"}],"predecessor-version":[{"id":3534,"href":"https:\/\/oceanascommon.org\/en\/wp-json\/wp\/v2\/pages\/3425\/revisions\/3534"}],"wp:attachment":[{"href":"https:\/\/oceanascommon.org\/en\/wp-json\/wp\/v2\/media?parent=3425"}],"curies":[{"name":"wp","href":"https:\/\/api.w.org\/{rel}","templated":true}]}}